																										{"id":10868,"date":"2020-06-04T19:38:48","date_gmt":"2020-06-04T17:38:48","guid":{"rendered":"https:\/\/www.listonegiordano.com\/progetti\/%category%\/gallerie-piazza-alla-scala\/"},"modified":"2026-03-09T15:50:49","modified_gmt":"2026-03-09T14:50:49","slug":"galerias-de-plaza-de-la-scala","status":"publish","type":"qzr_projects","link":"https:\/\/www.listonegiordano.com\/es\/proyectos\/espacios-publicos\/galerias-de-plaza-de-la-scala\/","title":{"rendered":"Galer\u00edas de Plaza de La Scala"},"content":{"rendered":"\t\t\t<section class=\"main-column row-padding\">\r\n\t\t\t\t<div class=\"panel center columns-10 none\">\r\n\t\t\t\t\t\n\t\t\t\t\t\t\t\t\t\t\t<div class=\"custom-gallery\" data-fade=\"\" data-ratio=\"\">\r\n\t\t\t\t\t<div class=\"carousel-container\">\r\n\t\t\t\t\t\t<div class=\"owl-carousel\">\r\n\t\t\t\t\t\t\t\t\t\t\t\t\t\t\t\t\t\t\t\t\t\t\t<div class=\"item\" data-text=\"\">\r\n\t\t\t\t\t\t\t\t\t\t\t\t\t\t\t\t\t\t<div class=\"image \">\r\n\t\t\t\t\t\t\t\t\t\t<img decoding=\"async\" class=\"cover\" title=\"Galleria Piazza Scala Milano Public Space Parquet J 1920&#215;1080\" alt=\"\" src=\"https:\/\/www.listonegiordano.com\/wp-content\/uploads\/2020\/05\/galleria_piazza_scala_milano_public_space_parquet_j_1920x1080.jpg\" srcset=\"https:\/\/www.listonegiordano.com\/wp-content\/uploads\/2020\/05\/galleria_piazza_scala_milano_public_space_parquet_j_1920x1080-300x169.jpg 300w, https:\/\/www.listonegiordano.com\/wp-content\/uploads\/2020\/05\/galleria_piazza_scala_milano_public_space_parquet_j_1920x1080-1024x576.jpg 1024w, https:\/\/www.listonegiordano.com\/wp-content\/uploads\/2020\/05\/galleria_piazza_scala_milano_public_space_parquet_j_1920x1080-768x432.jpg 768w, https:\/\/www.listonegiordano.com\/wp-content\/uploads\/2020\/05\/galleria_piazza_scala_milano_public_space_parquet_j_1920x1080-1536x864.jpg 1536w, https:\/\/www.listonegiordano.com\/wp-content\/uploads\/2020\/05\/galleria_piazza_scala_milano_public_space_parquet_j_1920x1080.jpg 1920w\">\r\n\t\t\t\t\t\t\t\t\t<\/div>\r\n\t\t\t\t\t\t\t\t<\/div>\r\n\t\t\t\t\t\t\t\t\t\t\t\t\t\t\t\t\t\t\t\t\t\t\t<div class=\"item\" data-text=\"\">\r\n\t\t\t\t\t\t\t\t\t\t\t\t\t\t\t\t\t\t<div class=\"image \">\r\n\t\t\t\t\t\t\t\t\t\t<img decoding=\"async\" class=\"cover\" title=\"Galleria Piazza Scala Milano Public Space Parquet D 1920&#215;1080\" alt=\"\" src=\"https:\/\/www.listonegiordano.com\/wp-content\/uploads\/2020\/05\/galleria_piazza_scala_milano_public_space_parquet_d_1920x1080.jpg\" srcset=\"https:\/\/www.listonegiordano.com\/wp-content\/uploads\/2020\/05\/galleria_piazza_scala_milano_public_space_parquet_d_1920x1080-300x169.jpg 300w, https:\/\/www.listonegiordano.com\/wp-content\/uploads\/2020\/05\/galleria_piazza_scala_milano_public_space_parquet_d_1920x1080-1024x576.jpg 1024w, https:\/\/www.listonegiordano.com\/wp-content\/uploads\/2020\/05\/galleria_piazza_scala_milano_public_space_parquet_d_1920x1080-768x432.jpg 768w, https:\/\/www.listonegiordano.com\/wp-content\/uploads\/2020\/05\/galleria_piazza_scala_milano_public_space_parquet_d_1920x1080-1536x864.jpg 1536w, https:\/\/www.listonegiordano.com\/wp-content\/uploads\/2020\/05\/galleria_piazza_scala_milano_public_space_parquet_d_1920x1080.jpg 1920w\">\r\n\t\t\t\t\t\t\t\t\t<\/div>\r\n\t\t\t\t\t\t\t\t<\/div>\r\n\t\t\t\t\t\t\t\t\t\t\t\t\t<\/div>\r\n\t\t\t\t\t<\/div>\r\n\t\t\t\t\t<div class=\"text small-font\">\r\n\t\t\t\t\t\t<div class=\"inner col-padding\"><\/div>\r\n\t\t\t\t\t<\/div>\r\n\t\t\t\t<\/div>\r\n\t\t\t\t\t\n\t\t\t\t<\/div>\r\n\t\t\t<\/section>\r\n\t\t\n\n\t\t\t<section class=\"main-column row-padding\">\r\n\t\t\t\t<div class=\"panel center columns-6 none\">\r\n\t\t\t\t\t\n\t\t\t<div class=\"project-info\">\r\n\t\t\t\t\t\t\t\t<div class=\"medium-large-font\">\r\n\t\t\t\t\t\t\t\t\t\t\t<p class=\"margin-0\">Lugar: Milano<\/p>\r\n\t\t\t\t\t\t\t\t\t\t\r\n\t\t\t\t\t\t\t\t\t\t\t<div>Producto: <h2 class=\"medium-large-font regular inline\">R\u00e9serve Siena 1348<\/h2><\/div>\r\n\t\t\t\t\t\t\t\t\t\t\r\n\t\t\t\t\t\t\t\t\t\t\t<p class=\"margin-0\">Coleccion: Atelier<\/p>\r\n\t\t\t\t\t\t\t\t\t\t\r\n\t\t\t\t\t\t\t\t\t\t\t<p class=\"margin-0\">Arquitectos: Arch. Michele De Lucchi<\/p>\r\n\t\t\t\t\t\t\t\t\t\t\r\n\t\t\t\t\t\t\t\t\t\t\r\n\t\t\t\t\t\t\t\t\t<\/div>\r\n\t\t\t<\/div>\r\n\t\t\n\t\t\t\t<\/div>\r\n\t\t\t<\/section>\r\n\t\t\n\n\t\t\t<section class=\"main-column row-padding\">\r\n\t\t\t\t<div class=\"panel center columns-12 none\">\r\n\t\t\t\t\t\n\t\t\t\t\t\t\t\t<div class=\"qzr-layout row-padding rellax-active  \">\n\t\t\t\t<style>\n\t\t\t\t\t.grid-wrapper.grid-1{\n\t\t\t\t\t\tpadding-top: 69.82421875%; \n\t\t\t\t\t}\n\t\t\t\t\t.grid-1 .grid{\n\t\t\t\t\t\tdisplay: -ms-grid;\n\t\t\t\t\t\tdisplay: grid; \n\t\t\t\t\t\t-ms-grid-columns:  0.8333333333333335% 3.9124552408854165% 41.488138834635414% 0.0720977783203196% 4.527308146158852% 48.333333333333336% 0.8333333333333286% ;\n\t\t\t\t\t\tgrid-template-columns:  0.8333333333333335% 3.9124552408854165% 41.488138834635414% 0.0720977783203196% 4.527308146158852% 48.333333333333336% 0.8333333333333286% ;\n\t\t\t\t\t\t-ms-grid-rows:  4.33566433566441% 4.337412587412587% 41.23371678321674% 7.296328671328681% 16.214127039627073% 20.36033755827502% 6.222413024475486% ;\n\t\t\t\t\t\tgrid-template-rows:  4.33566433566441% 4.337412587412587% 41.23371678321674% 7.296328671328681% 16.214127039627073% 20.36033755827502% 6.222413024475486% ;\n\t\t\t\t\t}\n\t\t\t\t\t\n\t\t\t\t\t@media screen and (max-width: 1023px) {\n\t\t\t\t\t\t.grid-wrapper.grid-1{\n\t\t\t\t\t\t\tpadding-top: 159.50520833333%; \n\t\t\t\t\t\t}\n\t\t\t\t\t\t.grid-1 .grid{\n\t\t\t\t\t\t\t-ms-grid-columns:  26.046549479166984% 44.84252929687477% 5.2209472656249005% 23.889973958333343% ;\n\t\t\t\t\t\t\tgrid-template-columns:  26.046549479166984% 44.84252929687477% 5.2209472656249005% 23.889973958333343% ;\n\t\t\t\t\t\t\t-ms-grid-rows:  3.0211734693877683% 18.20459183673472% 1.38724489795921% 46.282653061224295% 3.023501275510313% 24.999250637755125% 3.0815848214285637% ;\n\t\t\t\t\t\t\tgrid-template-rows:  3.0211734693877683% 18.20459183673472% 1.38724489795921% 46.282653061224295% 3.023501275510313% 24.999250637755125% 3.0815848214285637% ;\n\t\t\t\t\t\t}\n\t\t\t\t\t}\n\t\t\t\t\t\n\t\t\t\t\t@media screen and (max-width: 767px) {\n\t\t\t\t\t\t\t\t\t\t\t\t\t.grid-1 div:nth-of-type(1) {\n\t\t\t\t\t\t\t\torder: 2;\n\t\t\t\t\t\t\t}\n\t\t\t\t\t\t\t\t\t\t\t\t\t.grid-1 div:nth-of-type(2) {\n\t\t\t\t\t\t\t\torder: 3;\n\t\t\t\t\t\t\t}\n\t\t\t\t\t\t\t\t\t\t\t\t\t.grid-1 div:nth-of-type(3) {\n\t\t\t\t\t\t\t\torder: 1;\n\t\t\t\t\t\t\t}\n\t\t\t\t\t\t\t\t\t\t\t}\n\t\t\t\t<\/style>\n\t\t\t\t\n\t\t\t\t<div class=\"grid-wrapper grid-1\" data-id=\"grid-1\">\n\t\t\t\t\t<div class=\"inner\">\n\t\t\t\t\t\t<div class=\"grid\">\n\t\t<style>\n\t\n\t\t.group-1{\n\t\t\t\t\t\t\t-ms-grid-column : 6;\n\t\t\t\t\t\t\tgrid-column-start : 6;\n\t\t\t\t\t\t\t-ms-grid-column-span : 1;\n\t\t\t\t\t\t\tgrid-column-end : 7;\n\t\t\t\t\t\t\t-ms-grid-row : 2;\n\t\t\t\t\t\t\tgrid-row-start : 2;\n\t\t\t\t\t\t\t-ms-grid-row-span : 4;\n\t\t\t\t\t\t\tgrid-row-end : 6;\n\t\t\t\t\t}\n\t\t\t\t\t\n\t\t@media screen and (max-width: 1023px) {\n\t\t\t.group-1{\n\t\t\t\t\t\t\t\t\t-ms-grid-column : 2;\n\t\t\t\t\t\t\t\t\tgrid-column-start : 2;\n\t\t\t\t\t\t\t\t\t-ms-grid-column-span : 3;\n\t\t\t\t\t\t\t\t\tgrid-column-end : 5;\n\t\t\t\t\t\t\t\t\t-ms-grid-row : 4;\n\t\t\t\t\t\t\t\t\tgrid-row-start : 4;\n\t\t\t\t\t\t\t\t\t-ms-grid-row-span : 1;\n\t\t\t\t\t\t\t\t\tgrid-row-end : 5;\n\t\t\t\t\t\t\t}\n\t\t}\n\t\t\n\t\t@media screen and (max-width: 767px) {\n\t\t\t.group-1{\n\t\t\t\t\t\t\t\t\t-ms-grid-column : 2;\n\t\t\t\t\t\t\t\t\tgrid-column-start : 2;\n\t\t\t\t\t\t\t\t\t-ms-grid-column-span : 2;\n\t\t\t\t\t\t\t\t\tgrid-column-end : 4;\n\t\t\t\t\t\t\t\t\t-ms-grid-row : 4;\n\t\t\t\t\t\t\t\t\tgrid-row-start : 4;\n\t\t\t\t\t\t\t\t\t-ms-grid-row-span : 1;\n\t\t\t\t\t\t\t\t\tgrid-row-end : 5;\n\t\t\t\t\t\t\t}\n\t\t}\n\t<\/style>\n\t\t<div class=\"group group-1 rellax\" data-rellax-speed=\"0\">\n\t\t<div class=\"group-content\">\n\t\t\t\n\n<figure class=\"wp-block-image size-large\"><img loading=\"lazy\" decoding=\"async\" width=\"1024\" height=\"576\" src=\"https:\/\/www.listonegiordano.com\/wp-content\/uploads\/2020\/05\/galleria_piazza_scala_milano_public_space_parquet_e_1920x1080-1024x576.jpg\" alt=\"Gallerie Piazza alla Scala\" class=\"wp-image-1817\" srcset=\"https:\/\/www.listonegiordano.com\/wp-content\/uploads\/2020\/05\/galleria_piazza_scala_milano_public_space_parquet_e_1920x1080-1024x576.jpg 1024w, https:\/\/www.listonegiordano.com\/wp-content\/uploads\/2020\/05\/galleria_piazza_scala_milano_public_space_parquet_e_1920x1080-300x169.jpg 300w, https:\/\/www.listonegiordano.com\/wp-content\/uploads\/2020\/05\/galleria_piazza_scala_milano_public_space_parquet_e_1920x1080-768x432.jpg 768w, https:\/\/www.listonegiordano.com\/wp-content\/uploads\/2020\/05\/galleria_piazza_scala_milano_public_space_parquet_e_1920x1080-1536x864.jpg 1536w, https:\/\/www.listonegiordano.com\/wp-content\/uploads\/2020\/05\/galleria_piazza_scala_milano_public_space_parquet_e_1920x1080.jpg 1920w\" sizes=\"auto, (max-width: 1024px) 100vw, 1024px\" \/><\/figure>\n\n\t\t<\/div>\n\t<\/div>\n\n\n\t\t<style>\n\t\n\t\t.group-2{\n\t\t\t\t\t\t\t-ms-grid-column : 2;\n\t\t\t\t\t\t\tgrid-column-start : 2;\n\t\t\t\t\t\t\t-ms-grid-column-span : 2;\n\t\t\t\t\t\t\tgrid-column-end : 4;\n\t\t\t\t\t\t\t-ms-grid-row : 5;\n\t\t\t\t\t\t\tgrid-row-start : 5;\n\t\t\t\t\t\t\t-ms-grid-row-span : 2;\n\t\t\t\t\t\t\tgrid-row-end : 7;\n\t\t\t\t\t}\n\t\t\t\t\t\n\t\t@media screen and (max-width: 1023px) {\n\t\t\t.group-2{\n\t\t\t\t\t\t\t\t\t-ms-grid-column : 1;\n\t\t\t\t\t\t\t\t\tgrid-column-start : 1;\n\t\t\t\t\t\t\t\t\t-ms-grid-column-span : 2;\n\t\t\t\t\t\t\t\t\tgrid-column-end : 3;\n\t\t\t\t\t\t\t\t\t-ms-grid-row : 6;\n\t\t\t\t\t\t\t\t\tgrid-row-start : 6;\n\t\t\t\t\t\t\t\t\t-ms-grid-row-span : 1;\n\t\t\t\t\t\t\t\t\tgrid-row-end : 7;\n\t\t\t\t\t\t\t}\n\t\t}\n\t\t\n\t\t@media screen and (max-width: 767px) {\n\t\t\t.group-2{\n\t\t\t\t\t\t\t\t\t-ms-grid-column : 1;\n\t\t\t\t\t\t\t\t\tgrid-column-start : 1;\n\t\t\t\t\t\t\t\t\t-ms-grid-column-span : 2;\n\t\t\t\t\t\t\t\t\tgrid-column-end : 3;\n\t\t\t\t\t\t\t\t\t-ms-grid-row : 6;\n\t\t\t\t\t\t\t\t\tgrid-row-start : 6;\n\t\t\t\t\t\t\t\t\t-ms-grid-row-span : 1;\n\t\t\t\t\t\t\t\t\tgrid-row-end : 7;\n\t\t\t\t\t\t\t}\n\t\t}\n\t<\/style>\n\t\t<div class=\"group group-2 rellax\" data-rellax-speed=\"1\">\n\t\t<div class=\"group-content\">\n\t\t\t\n\n<figure class=\"wp-block-image size-large\"><img loading=\"lazy\" decoding=\"async\" width=\"1024\" height=\"576\" src=\"https:\/\/www.listonegiordano.com\/wp-content\/uploads\/2020\/05\/galleria_piazza_scala_milano_public_space_parquet_g_1920x1080-1024x576.jpg\" alt=\"Parquet rovere naturale chiaro \" title=\"Galleria Piazza Scala Milano Public Space Parquet G 1920&#215;1080\" class=\"wp-image-1819\" srcset=\"https:\/\/www.listonegiordano.com\/wp-content\/uploads\/2020\/05\/galleria_piazza_scala_milano_public_space_parquet_g_1920x1080-1024x576.jpg 1024w, https:\/\/www.listonegiordano.com\/wp-content\/uploads\/2020\/05\/galleria_piazza_scala_milano_public_space_parquet_g_1920x1080-300x169.jpg 300w, https:\/\/www.listonegiordano.com\/wp-content\/uploads\/2020\/05\/galleria_piazza_scala_milano_public_space_parquet_g_1920x1080-768x432.jpg 768w, https:\/\/www.listonegiordano.com\/wp-content\/uploads\/2020\/05\/galleria_piazza_scala_milano_public_space_parquet_g_1920x1080-1536x864.jpg 1536w, https:\/\/www.listonegiordano.com\/wp-content\/uploads\/2020\/05\/galleria_piazza_scala_milano_public_space_parquet_g_1920x1080.jpg 1920w\" sizes=\"auto, (max-width: 1024px) 100vw, 1024px\" \/><\/figure>\n\n\t\t<\/div>\n\t<\/div>\n\n\n\t\t<style>\n\t\n\t\t.group-3{\n\t\t\t\t\t\t\t-ms-grid-column : 3;\n\t\t\t\t\t\t\tgrid-column-start : 3;\n\t\t\t\t\t\t\t-ms-grid-column-span : 2;\n\t\t\t\t\t\t\tgrid-column-end : 5;\n\t\t\t\t\t\t\t-ms-grid-row : 3;\n\t\t\t\t\t\t\tgrid-row-start : 3;\n\t\t\t\t\t\t\t-ms-grid-row-span : 1;\n\t\t\t\t\t\t\tgrid-row-end : 4;\n\t\t\t\t\t}\n\t\t\t\t\t\n\t\t@media screen and (max-width: 1023px) {\n\t\t\t.group-3{\n\t\t\t\t\t\t\t\t\t-ms-grid-column : 1;\n\t\t\t\t\t\t\t\t\tgrid-column-start : 1;\n\t\t\t\t\t\t\t\t\t-ms-grid-column-span : 3;\n\t\t\t\t\t\t\t\t\tgrid-column-end : 4;\n\t\t\t\t\t\t\t\t\t-ms-grid-row : 2;\n\t\t\t\t\t\t\t\t\tgrid-row-start : 2;\n\t\t\t\t\t\t\t\t\t-ms-grid-row-span : 1;\n\t\t\t\t\t\t\t\t\tgrid-row-end : 3;\n\t\t\t\t\t\t\t}\n\t\t}\n\t\t\n\t\t@media screen and (max-width: 767px) {\n\t\t\t.group-3{\n\t\t\t\t\t\t\t\t\t-ms-grid-column : 1;\n\t\t\t\t\t\t\t\t\tgrid-column-start : 1;\n\t\t\t\t\t\t\t\t\t-ms-grid-column-span : 4;\n\t\t\t\t\t\t\t\t\tgrid-column-end : 5;\n\t\t\t\t\t\t\t\t\t-ms-grid-row : 2;\n\t\t\t\t\t\t\t\t\tgrid-row-start : 2;\n\t\t\t\t\t\t\t\t\t-ms-grid-row-span : 1;\n\t\t\t\t\t\t\t\t\tgrid-row-end : 3;\n\t\t\t\t\t\t\t}\n\t\t}\n\t<\/style>\n\t\t<div class=\"group group-3 rellax\" data-rellax-speed=\"2\">\n\t\t<div class=\"group-content\">\n\t\t\t\n\n<p class=\"wp-block-paragraph\"><strong>Listone Giordano \u00abviste\u00bb de naturaleza un lugar de arte y cultura firmado por el arquitecto Michele De Lucchi<\/strong>.<br><br>Aumenta la lista de las referencias especiales, de alto \u00edndice de \u00abdise\u00f1o\u00bb, seguidos por Listone Giordano en \u00e1mbito Contract en los \u00faltimos a\u00f1os. En cualquier caso, se merece una menci\u00f3n particular la colaboraci\u00f3n de la empresa en la obra de realizaci\u00f3n&nbsp;<strong>del nuevo museo milan\u00e9s de las Galer\u00edas de Plaza de la Scala<\/strong>, un espacio de exposici\u00f3n fascinante recabado en un complejo arquitect\u00f3nico de extraordinario valor, propiedad de Intesa Sanpaolo en el coraz\u00f3n del cuadril\u00e1tero milan\u00e9s, entre Via Morone, Via Manzoni y Piazza Scala.<\/p>\n\n\t\t<\/div>\n\t<\/div>\n\n<\/div>\n\t\t\t\t\t<\/div>\n\t\t\t\t<\/div>\n\t\t\t<\/div>\n\t\t\n\n\n<p class=\"wp-block-paragraph\"><\/p>\n\n\t\t\t\t<\/div>\r\n\t\t\t<\/section>\r\n\t\t\n\n\t\t\t<section class=\"main-column row-padding\">\r\n\t\t\t\t<div class=\"panel center columns-8 none\">\r\n\t\t\t\t\t\n\n<figure class=\"wp-block-image size-large\"><img loading=\"lazy\" decoding=\"async\" width=\"1024\" height=\"576\" src=\"https:\/\/www.listonegiordano.com\/wp-content\/uploads\/2020\/05\/galleria_piazza_scala_milano_public_space_parquet_m_1920x1080-1024x576.jpg\" alt=\"Michele De Lucchi\" class=\"wp-image-1825\" srcset=\"https:\/\/www.listonegiordano.com\/wp-content\/uploads\/2020\/05\/galleria_piazza_scala_milano_public_space_parquet_m_1920x1080-1024x576.jpg 1024w, https:\/\/www.listonegiordano.com\/wp-content\/uploads\/2020\/05\/galleria_piazza_scala_milano_public_space_parquet_m_1920x1080-300x169.jpg 300w, https:\/\/www.listonegiordano.com\/wp-content\/uploads\/2020\/05\/galleria_piazza_scala_milano_public_space_parquet_m_1920x1080-768x432.jpg 768w, https:\/\/www.listonegiordano.com\/wp-content\/uploads\/2020\/05\/galleria_piazza_scala_milano_public_space_parquet_m_1920x1080-1536x864.jpg 1536w, https:\/\/www.listonegiordano.com\/wp-content\/uploads\/2020\/05\/galleria_piazza_scala_milano_public_space_parquet_m_1920x1080.jpg 1920w\" sizes=\"auto, (max-width: 1024px) 100vw, 1024px\" \/><\/figure>\n\n\t\t\t\t<\/div>\r\n\t\t\t<\/section>\r\n\t\t\n\n\t\t\t<section class=\"main-column row-padding\">\r\n\t\t\t\t<div class=\"panel center columns-6 none\">\r\n\t\t\t\t\t\n\n<p class=\"wp-block-paragraph\">Es la primera iniciativa vinculada al \u00abProyecto Cultura\u00bb del banco, que tiene como objetivo valorizar y compartir el propio patrimonio art\u00edstico y arquitect\u00f3nico, siendo consciente de la importancia del crecimiento cultural como motor de desarrollo del territorio y del pa\u00eds.<\/p>\n\n\n\n<p class=\"wp-block-paragraph\">Listone Giordano se ha ocupado de poner a punto una soluci\u00f3n de pavimentaci\u00f3n de madera de aproximadamente 900 metros cuadrados totales, que responda a criterios espec\u00edficos relacionados con la prestaci\u00f3n t\u00e9cnica y el aislamiento del sustrato. El producto seleccionado y adaptado a las caracter\u00edsticas t\u00e9cnicas espec\u00edficas necesarias para el tipo de intervenci\u00f3n de recuperaci\u00f3n,&nbsp;<strong>proyecto del arquitecto De Lucchi<\/strong>, es un producto sartorial de la exclusiva gama Atelier:&nbsp;<strong>Roble Siena 1348 aceite natural cepillado a mano<\/strong>, longitud que recuerda el color del roble en sus tonos m\u00e1s tenues y c\u00e1lidos, con un acabado extremadamente natural y aterciopelado, pero de alta resistencia y protecci\u00f3n, al tratarse de un espacio p\u00fablico muy traficado.<\/p>\n\n\t\t\t\t<\/div>\r\n\t\t\t<\/section>\r\n\t\t\n\n\t\t\t<section class=\"main-column row-padding\">\r\n\t\t\t\t<div class=\"panel center columns-12 none\">\r\n\t\t\t\t\t\n\t\t\t\t\t\t\t\t<div class=\"qzr-layout row-padding rellax-active  \">\n\t\t\t\t<style>\n\t\t\t\t\t.grid-wrapper.grid-2{\n\t\t\t\t\t\tpadding-top: 62.6953125%; \n\t\t\t\t\t}\n\t\t\t\t\t.grid-2 .grid{\n\t\t\t\t\t\tdisplay: -ms-grid;\n\t\t\t\t\t\tdisplay: grid; \n\t\t\t\t\t\t-ms-grid-columns:  3.962809244791667% 42.46754964192709% 3.986307779947907% 45.69381530761719% 3.889518025716143% ;\n\t\t\t\t\t\tgrid-template-columns:  3.962809244791667% 42.46754964192709% 3.986307779947907% 45.69381530761719% 3.889518025716143% ;\n\t\t\t\t\t\t-ms-grid-rows:  6.178228842159888% 37.43658113885658% 40.90904570677571% 11.74378936672494% 3.732354945482882% ;\n\t\t\t\t\t\tgrid-template-rows:  6.178228842159888% 37.43658113885658% 40.90904570677571% 11.74378936672494% 3.732354945482882% ;\n\t\t\t\t\t}\n\t\t\t\t\t\n\t\t\t\t\t@media screen and (max-width: 1023px) {\n\t\t\t\t\t\t.grid-wrapper.grid-2{\n\t\t\t\t\t\t\tpadding-top: 145.05208333333%; \n\t\t\t\t\t\t}\n\t\t\t\t\t\t.grid-2 .grid{\n\t\t\t\t\t\t\t-ms-grid-columns:  0.8333333333333335% 31.66666666666666% 33.333333333333336% 34.16666666666667% ;\n\t\t\t\t\t\t\tgrid-template-columns:  0.8333333333333335% 31.66666666666666% 33.333333333333336% 34.16666666666667% ;\n\t\t\t\t\t\t\t-ms-grid-rows:  2.962298025134659% 59.59928186714543% 2.699248204667846% 29.08438061041292% 5.654791292639146% ;\n\t\t\t\t\t\t\tgrid-template-rows:  2.962298025134659% 59.59928186714543% 2.699248204667846% 29.08438061041292% 5.654791292639146% ;\n\t\t\t\t\t\t}\n\t\t\t\t\t}\n\t\t\t\t\t\n\t\t\t\t\t@media screen and (max-width: 767px) {\n\t\t\t\t\t\t\t\t\t\t\t\t\t.grid-2 div:nth-of-type(1) {\n\t\t\t\t\t\t\t\torder: 1;\n\t\t\t\t\t\t\t}\n\t\t\t\t\t\t\t\t\t\t\t\t\t.grid-2 div:nth-of-type(2) {\n\t\t\t\t\t\t\t\torder: 2;\n\t\t\t\t\t\t\t}\n\t\t\t\t\t\t\t\t\t\t\t}\n\t\t\t\t<\/style>\n\t\t\t\t\n\t\t\t\t<div class=\"grid-wrapper grid-2\" data-id=\"grid-2\">\n\t\t\t\t\t<div class=\"inner\">\n\t\t\t\t\t\t<div class=\"grid\">\n\t\t<style>\n\t\n\t\t.group-4{\n\t\t\t\t\t\t\t-ms-grid-column : 4;\n\t\t\t\t\t\t\tgrid-column-start : 4;\n\t\t\t\t\t\t\t-ms-grid-column-span : 1;\n\t\t\t\t\t\t\tgrid-column-end : 5;\n\t\t\t\t\t\t\t-ms-grid-row : 3;\n\t\t\t\t\t\t\tgrid-row-start : 3;\n\t\t\t\t\t\t\t-ms-grid-row-span : 1;\n\t\t\t\t\t\t\tgrid-row-end : 4;\n\t\t\t\t\t}\n\t\t\t\t\t\n\t\t@media screen and (max-width: 1023px) {\n\t\t\t.group-4{\n\t\t\t\t\t\t\t\t\t-ms-grid-column : 3;\n\t\t\t\t\t\t\t\t\tgrid-column-start : 3;\n\t\t\t\t\t\t\t\t\t-ms-grid-column-span : 2;\n\t\t\t\t\t\t\t\t\tgrid-column-end : 5;\n\t\t\t\t\t\t\t\t\t-ms-grid-row : 4;\n\t\t\t\t\t\t\t\t\tgrid-row-start : 4;\n\t\t\t\t\t\t\t\t\t-ms-grid-row-span : 1;\n\t\t\t\t\t\t\t\t\tgrid-row-end : 5;\n\t\t\t\t\t\t\t}\n\t\t}\n\t\t\n\t\t@media screen and (max-width: 767px) {\n\t\t\t.group-4{\n\t\t\t\t\t\t\t\t\t-ms-grid-column : 2;\n\t\t\t\t\t\t\t\t\tgrid-column-start : 2;\n\t\t\t\t\t\t\t\t\t-ms-grid-column-span : 1;\n\t\t\t\t\t\t\t\t\tgrid-column-end : 3;\n\t\t\t\t\t\t\t\t\t-ms-grid-row : 4;\n\t\t\t\t\t\t\t\t\tgrid-row-start : 4;\n\t\t\t\t\t\t\t\t\t-ms-grid-row-span : 1;\n\t\t\t\t\t\t\t\t\tgrid-row-end : 5;\n\t\t\t\t\t\t\t}\n\t\t}\n\t<\/style>\n\t\t<div class=\"group group-4 rellax\" data-rellax-speed=\"1\">\n\t\t<div class=\"group-content\">\n\t\t\t\n\n<figure class=\"wp-block-image size-large\"><img loading=\"lazy\" decoding=\"async\" width=\"1024\" height=\"576\" src=\"https:\/\/www.listonegiordano.com\/wp-content\/uploads\/2020\/05\/galleria_piazza_scala_milano_public_space_parquet_l_1920x1080-1024x576.jpg\" alt=\"Parquet rovere naturale chiaro \" title=\"Galleria Piazza Scala Milano Public Space Parquet L 1920&#215;1080\" class=\"wp-image-1824\" srcset=\"https:\/\/www.listonegiordano.com\/wp-content\/uploads\/2020\/05\/galleria_piazza_scala_milano_public_space_parquet_l_1920x1080-1024x576.jpg 1024w, https:\/\/www.listonegiordano.com\/wp-content\/uploads\/2020\/05\/galleria_piazza_scala_milano_public_space_parquet_l_1920x1080-300x169.jpg 300w, https:\/\/www.listonegiordano.com\/wp-content\/uploads\/2020\/05\/galleria_piazza_scala_milano_public_space_parquet_l_1920x1080-768x432.jpg 768w, https:\/\/www.listonegiordano.com\/wp-content\/uploads\/2020\/05\/galleria_piazza_scala_milano_public_space_parquet_l_1920x1080-1536x864.jpg 1536w, https:\/\/www.listonegiordano.com\/wp-content\/uploads\/2020\/05\/galleria_piazza_scala_milano_public_space_parquet_l_1920x1080.jpg 1920w\" sizes=\"auto, (max-width: 1024px) 100vw, 1024px\" \/><\/figure>\n\n\t\t<\/div>\n\t<\/div>\n\n\n\t\t<style>\n\t\n\t\t.group-5{\n\t\t\t\t\t\t\t-ms-grid-column : 2;\n\t\t\t\t\t\t\tgrid-column-start : 2;\n\t\t\t\t\t\t\t-ms-grid-column-span : 1;\n\t\t\t\t\t\t\tgrid-column-end : 3;\n\t\t\t\t\t\t\t-ms-grid-row : 2;\n\t\t\t\t\t\t\tgrid-row-start : 2;\n\t\t\t\t\t\t\t-ms-grid-row-span : 3;\n\t\t\t\t\t\t\tgrid-row-end : 5;\n\t\t\t\t\t}\n\t\t\t\t\t\n\t\t@media screen and (max-width: 1023px) {\n\t\t\t.group-5{\n\t\t\t\t\t\t\t\t\t-ms-grid-column : 2;\n\t\t\t\t\t\t\t\t\tgrid-column-start : 2;\n\t\t\t\t\t\t\t\t\t-ms-grid-column-span : 2;\n\t\t\t\t\t\t\t\t\tgrid-column-end : 4;\n\t\t\t\t\t\t\t\t\t-ms-grid-row : 2;\n\t\t\t\t\t\t\t\t\tgrid-row-start : 2;\n\t\t\t\t\t\t\t\t\t-ms-grid-row-span : 1;\n\t\t\t\t\t\t\t\t\tgrid-row-end : 3;\n\t\t\t\t\t\t\t}\n\t\t}\n\t\t\n\t\t@media screen and (max-width: 767px) {\n\t\t\t.group-5{\n\t\t\t\t\t\t\t\t\t-ms-grid-column : 1;\n\t\t\t\t\t\t\t\t\tgrid-column-start : 1;\n\t\t\t\t\t\t\t\t\t-ms-grid-column-span : 3;\n\t\t\t\t\t\t\t\t\tgrid-column-end : 4;\n\t\t\t\t\t\t\t\t\t-ms-grid-row : 2;\n\t\t\t\t\t\t\t\t\tgrid-row-start : 2;\n\t\t\t\t\t\t\t\t\t-ms-grid-row-span : 1;\n\t\t\t\t\t\t\t\t\tgrid-row-end : 3;\n\t\t\t\t\t\t\t}\n\t\t}\n\t<\/style>\n\t\t<div class=\"group group-5 rellax\" data-rellax-speed=\"3\">\n\t\t<div class=\"group-content\">\n\t\t\t\n\n<figure class=\"wp-block-image size-large\"><img loading=\"lazy\" decoding=\"async\" width=\"640\" height=\"1024\" src=\"https:\/\/www.listonegiordano.com\/wp-content\/uploads\/2020\/05\/galleria_piazza_scala_milano_public_space_parquet_n_1200x1920-640x1024.jpg\" alt=\"Gallerie Piazza alla Scala\" class=\"wp-image-1826\" srcset=\"https:\/\/www.listonegiordano.com\/wp-content\/uploads\/2020\/05\/galleria_piazza_scala_milano_public_space_parquet_n_1200x1920-640x1024.jpg 640w, https:\/\/www.listonegiordano.com\/wp-content\/uploads\/2020\/05\/galleria_piazza_scala_milano_public_space_parquet_n_1200x1920-188x300.jpg 188w, https:\/\/www.listonegiordano.com\/wp-content\/uploads\/2020\/05\/galleria_piazza_scala_milano_public_space_parquet_n_1200x1920-768x1229.jpg 768w, https:\/\/www.listonegiordano.com\/wp-content\/uploads\/2020\/05\/galleria_piazza_scala_milano_public_space_parquet_n_1200x1920-960x1536.jpg 960w, https:\/\/www.listonegiordano.com\/wp-content\/uploads\/2020\/05\/galleria_piazza_scala_milano_public_space_parquet_n_1200x1920.jpg 1200w\" sizes=\"auto, (max-width: 640px) 100vw, 640px\" \/><\/figure>\n\n\t\t<\/div>\n\t<\/div>\n\n<\/div>\n\t\t\t\t\t<\/div>\n\t\t\t\t<\/div>\n\t\t\t<\/div>\n\t\t\n\t\t\t\t<\/div>\r\n\t\t\t<\/section>\r\n\t\t\n\n\t\t\t<section class=\"main-column row-padding\">\r\n\t\t\t\t<div class=\"panel center columns-10 none\">\r\n\t\t\t\t\t\n\t\t\t\t\t\t\t\t<div class=\"qzr-layout row-padding rellax-active  \">\n\t\t\t\t<style>\n\t\t\t\t\t.grid-wrapper.grid-3{\n\t\t\t\t\t\tpadding-top: 92.28515625%; \n\t\t\t\t\t}\n\t\t\t\t\t.grid-3 .grid{\n\t\t\t\t\t\tdisplay: -ms-grid;\n\t\t\t\t\t\tdisplay: grid; \n\t\t\t\t\t\t-ms-grid-columns:  0.8784757486979231% 41.621524251302084% 31.666666666666664% 25% 0.8333333333333286% ;\n\t\t\t\t\t\tgrid-template-columns:  0.8784757486979231% 41.621524251302084% 31.666666666666664% 25% 0.8333333333333286% ;\n\t\t\t\t\t\t-ms-grid-rows:  5.608465608465613% 49.56819279100528% 5.246622023809515% 34.539682539682524% 5.0370370370370665% ;\n\t\t\t\t\t\tgrid-template-rows:  5.608465608465613% 49.56819279100528% 5.246622023809515% 34.539682539682524% 5.0370370370370665% ;\n\t\t\t\t\t}\n\t\t\t\t\t\n\t\t\t\t\t@media screen and (max-width: 1023px) {\n\t\t\t\t\t\t.grid-wrapper.grid-3{\n\t\t\t\t\t\t\tpadding-top: 107.32421875%; \n\t\t\t\t\t\t}\n\t\t\t\t\t\t.grid-3 .grid{\n\t\t\t\t\t\t\t-ms-grid-columns:  0.8333333333333335% 25.000000000000014% 56.62152425130208% 16.71180908203125% 0.8333333333333286% ;\n\t\t\t\t\t\t\tgrid-template-columns:  0.8333333333333335% 25.000000000000014% 56.62152425130208% 16.71180908203125% 0.8333333333333286% ;\n\t\t\t\t\t\t\t-ms-grid-rows:  5.368516833484989% 47.53209783515317% 4.5152179064299816% 38.43494085532303% 4.149226569608828% ;\n\t\t\t\t\t\t\tgrid-template-rows:  5.368516833484989% 47.53209783515317% 4.5152179064299816% 38.43494085532303% 4.149226569608828% ;\n\t\t\t\t\t\t}\n\t\t\t\t\t}\n\t\t\t\t\t\n\t\t\t\t\t@media screen and (max-width: 767px) {\n\t\t\t\t\t\t\t\t\t\t\t\t\t.grid-3 div:nth-of-type(1) {\n\t\t\t\t\t\t\t\torder: 1;\n\t\t\t\t\t\t\t}\n\t\t\t\t\t\t\t\t\t\t\t\t\t.grid-3 div:nth-of-type(2) {\n\t\t\t\t\t\t\t\torder: 2;\n\t\t\t\t\t\t\t}\n\t\t\t\t\t\t\t\t\t\t\t}\n\t\t\t\t<\/style>\n\t\t\t\t\n\t\t\t\t<div class=\"grid-wrapper grid-3\" data-id=\"grid-3\">\n\t\t\t\t\t<div class=\"inner\">\n\t\t\t\t\t\t<div class=\"grid\">\n\t\t<style>\n\t\n\t\t.group-6{\n\t\t\t\t\t\t\t-ms-grid-column : 2;\n\t\t\t\t\t\t\tgrid-column-start : 2;\n\t\t\t\t\t\t\t-ms-grid-column-span : 2;\n\t\t\t\t\t\t\tgrid-column-end : 4;\n\t\t\t\t\t\t\t-ms-grid-row : 2;\n\t\t\t\t\t\t\tgrid-row-start : 2;\n\t\t\t\t\t\t\t-ms-grid-row-span : 1;\n\t\t\t\t\t\t\tgrid-row-end : 3;\n\t\t\t\t\t}\n\t\t\t\t\t\n\t\t@media screen and (max-width: 1023px) {\n\t\t\t.group-6{\n\t\t\t\t\t\t\t\t\t-ms-grid-column : 2;\n\t\t\t\t\t\t\t\t\tgrid-column-start : 2;\n\t\t\t\t\t\t\t\t\t-ms-grid-column-span : 2;\n\t\t\t\t\t\t\t\t\tgrid-column-end : 4;\n\t\t\t\t\t\t\t\t\t-ms-grid-row : 2;\n\t\t\t\t\t\t\t\t\tgrid-row-start : 2;\n\t\t\t\t\t\t\t\t\t-ms-grid-row-span : 1;\n\t\t\t\t\t\t\t\t\tgrid-row-end : 3;\n\t\t\t\t\t\t\t}\n\t\t}\n\t\t\n\t\t@media screen and (max-width: 767px) {\n\t\t\t.group-6{\n\t\t\t\t\t\t\t\t\t-ms-grid-column : 3;\n\t\t\t\t\t\t\t\t\tgrid-column-start : 3;\n\t\t\t\t\t\t\t\t\t-ms-grid-column-span : 1;\n\t\t\t\t\t\t\t\t\tgrid-column-end : 4;\n\t\t\t\t\t\t\t\t\t-ms-grid-row : 1;\n\t\t\t\t\t\t\t\t\tgrid-row-start : 1;\n\t\t\t\t\t\t\t\t\t-ms-grid-row-span : 1;\n\t\t\t\t\t\t\t\t\tgrid-row-end : 2;\n\t\t\t\t\t\t\t}\n\t\t}\n\t<\/style>\n\t\t<div class=\"group group-6 rellax\" data-rellax-speed=\"0\">\n\t\t<div class=\"group-content\">\n\t\t\t\n\t\t\t\t\t\t\t\t\t\t\t<div class=\"custom-gallery\" data-fade=\"\" data-ratio=\"\">\r\n\t\t\t\t\t<div class=\"carousel-container\">\r\n\t\t\t\t\t\t<div class=\"owl-carousel\">\r\n\t\t\t\t\t\t\t\t\t\t\t\t\t\t\t\t\t\t\t\t\t\t\t<div class=\"item\" data-text=\"\">\r\n\t\t\t\t\t\t\t\t\t\t\t\t\t\t\t\t\t\t<div class=\"image \">\r\n\t\t\t\t\t\t\t\t\t\t<img decoding=\"async\" class=\"cover\" title=\"Galleria Piazza Scala Milano Public Space Parquet H 1920&#215;1080\" alt=\"\" src=\"https:\/\/www.listonegiordano.com\/wp-content\/uploads\/2020\/05\/galleria_piazza_scala_milano_public_space_parquet_h_1920x1080.jpg\" srcset=\"https:\/\/www.listonegiordano.com\/wp-content\/uploads\/2020\/05\/galleria_piazza_scala_milano_public_space_parquet_h_1920x1080-300x169.jpg 300w, https:\/\/www.listonegiordano.com\/wp-content\/uploads\/2020\/05\/galleria_piazza_scala_milano_public_space_parquet_h_1920x1080-1024x576.jpg 1024w, https:\/\/www.listonegiordano.com\/wp-content\/uploads\/2020\/05\/galleria_piazza_scala_milano_public_space_parquet_h_1920x1080-768x432.jpg 768w, https:\/\/www.listonegiordano.com\/wp-content\/uploads\/2020\/05\/galleria_piazza_scala_milano_public_space_parquet_h_1920x1080-1536x864.jpg 1536w, https:\/\/www.listonegiordano.com\/wp-content\/uploads\/2020\/05\/galleria_piazza_scala_milano_public_space_parquet_h_1920x1080.jpg 1920w\">\r\n\t\t\t\t\t\t\t\t\t<\/div>\r\n\t\t\t\t\t\t\t\t<\/div>\r\n\t\t\t\t\t\t\t\t\t\t\t\t\t\t\t\t\t\t\t\t\t\t\t<div class=\"item\" data-text=\"\">\r\n\t\t\t\t\t\t\t\t\t\t\t\t\t\t\t\t\t\t<div class=\"image \">\r\n\t\t\t\t\t\t\t\t\t\t<img decoding=\"async\" class=\"cover\" title=\"Galleria Piazza Scala Milano Public Space Parquet K 1920&#215;1080\" alt=\"\" src=\"https:\/\/www.listonegiordano.com\/wp-content\/uploads\/2020\/05\/galleria_piazza_scala_milano_public_space_parquet_k_1920x1080.jpg\" srcset=\"https:\/\/www.listonegiordano.com\/wp-content\/uploads\/2020\/05\/galleria_piazza_scala_milano_public_space_parquet_k_1920x1080-300x169.jpg 300w, https:\/\/www.listonegiordano.com\/wp-content\/uploads\/2020\/05\/galleria_piazza_scala_milano_public_space_parquet_k_1920x1080-1024x576.jpg 1024w, https:\/\/www.listonegiordano.com\/wp-content\/uploads\/2020\/05\/galleria_piazza_scala_milano_public_space_parquet_k_1920x1080-768x432.jpg 768w, https:\/\/www.listonegiordano.com\/wp-content\/uploads\/2020\/05\/galleria_piazza_scala_milano_public_space_parquet_k_1920x1080-1536x864.jpg 1536w, https:\/\/www.listonegiordano.com\/wp-content\/uploads\/2020\/05\/galleria_piazza_scala_milano_public_space_parquet_k_1920x1080.jpg 1920w\">\r\n\t\t\t\t\t\t\t\t\t<\/div>\r\n\t\t\t\t\t\t\t\t<\/div>\r\n\t\t\t\t\t\t\t\t\t\t\t\t\t<\/div>\r\n\t\t\t\t\t<\/div>\r\n\t\t\t\t\t<div class=\"text small-font\">\r\n\t\t\t\t\t\t<div class=\"inner col-padding\"><\/div>\r\n\t\t\t\t\t<\/div>\r\n\t\t\t\t<\/div>\r\n\t\t\t\t\t\n\t\t<\/div>\n\t<\/div>\n\n\n\t\t<style>\n\t\n\t\t.group-7{\n\t\t\t\t\t\t\t-ms-grid-column : 3;\n\t\t\t\t\t\t\tgrid-column-start : 3;\n\t\t\t\t\t\t\t-ms-grid-column-span : 2;\n\t\t\t\t\t\t\tgrid-column-end : 5;\n\t\t\t\t\t\t\t-ms-grid-row : 4;\n\t\t\t\t\t\t\tgrid-row-start : 4;\n\t\t\t\t\t\t\t-ms-grid-row-span : 1;\n\t\t\t\t\t\t\tgrid-row-end : 5;\n\t\t\t\t\t}\n\t\t\t\t\t\n\t\t@media screen and (max-width: 1023px) {\n\t\t\t.group-7{\n\t\t\t\t\t\t\t\t\t-ms-grid-column : 3;\n\t\t\t\t\t\t\t\t\tgrid-column-start : 3;\n\t\t\t\t\t\t\t\t\t-ms-grid-column-span : 2;\n\t\t\t\t\t\t\t\t\tgrid-column-end : 5;\n\t\t\t\t\t\t\t\t\t-ms-grid-row : 4;\n\t\t\t\t\t\t\t\t\tgrid-row-start : 4;\n\t\t\t\t\t\t\t\t\t-ms-grid-row-span : 1;\n\t\t\t\t\t\t\t\t\tgrid-row-end : 5;\n\t\t\t\t\t\t\t}\n\t\t}\n\t\t\n\t\t@media screen and (max-width: 767px) {\n\t\t\t.group-7{\n\t\t\t\t\t\t\t\t\t-ms-grid-column : 2;\n\t\t\t\t\t\t\t\t\tgrid-column-start : 2;\n\t\t\t\t\t\t\t\t\t-ms-grid-column-span : 2;\n\t\t\t\t\t\t\t\t\tgrid-column-end : 4;\n\t\t\t\t\t\t\t\t\t-ms-grid-row : 3;\n\t\t\t\t\t\t\t\t\tgrid-row-start : 3;\n\t\t\t\t\t\t\t\t\t-ms-grid-row-span : 1;\n\t\t\t\t\t\t\t\t\tgrid-row-end : 4;\n\t\t\t\t\t\t\t}\n\t\t}\n\t<\/style>\n\t\t<div class=\"group group-7 rellax\" data-rellax-speed=\"3\">\n\t\t<div class=\"group-content\">\n\t\t\t\n\n<figure class=\"wp-block-image size-large\"><img loading=\"lazy\" decoding=\"async\" width=\"1024\" height=\"576\" src=\"https:\/\/www.listonegiordano.com\/wp-content\/uploads\/2020\/05\/galleria_piazza_scala_milano_public_space_parquet_i_1920x1080-1024x576.jpg\" alt=\"Gallerie Piazza alla Scala\" class=\"wp-image-1821\" srcset=\"https:\/\/www.listonegiordano.com\/wp-content\/uploads\/2020\/05\/galleria_piazza_scala_milano_public_space_parquet_i_1920x1080-1024x576.jpg 1024w, https:\/\/www.listonegiordano.com\/wp-content\/uploads\/2020\/05\/galleria_piazza_scala_milano_public_space_parquet_i_1920x1080-300x169.jpg 300w, https:\/\/www.listonegiordano.com\/wp-content\/uploads\/2020\/05\/galleria_piazza_scala_milano_public_space_parquet_i_1920x1080-768x432.jpg 768w, https:\/\/www.listonegiordano.com\/wp-content\/uploads\/2020\/05\/galleria_piazza_scala_milano_public_space_parquet_i_1920x1080-1536x864.jpg 1536w, https:\/\/www.listonegiordano.com\/wp-content\/uploads\/2020\/05\/galleria_piazza_scala_milano_public_space_parquet_i_1920x1080.jpg 1920w\" sizes=\"auto, (max-width: 1024px) 100vw, 1024px\" \/><\/figure>\n\n\t\t<\/div>\n\t<\/div>\n\n<\/div>\n\t\t\t\t\t<\/div>\n\t\t\t\t<\/div>\n\t\t\t<\/div>\n\t\t\n\t\t\t\t<\/div>\r\n\t\t\t<\/section>\r\n\t\t\n\n\t\t\t\t\t\t\t<div class=\"slider-wrapper gradient-2\">\r\n\t\t\t\t\t\t\t\t<div class=\"slider owl-carousel category-slider\t\">\r\n\t\t\t\t\t\t\t\t\t\t\t<div class=\"slide main-column\">\r\n\t\t\t\t\t\t\t\t\t\t\t\t\t\t\t\t<div class=\"fixed-content breadcrumb-font\">\r\n\t\t\t\t\t\t\t\t\t\t\t\t\t\t\t\t\t\t\t\t<a class=\"ajax-link\" href=\"https:\/\/www.listonegiordano.com\/es\/proyectos\/espacios-publicos\/galerias-de-plaza-de-la-scala\/\"><div class=\"breadcrumbs breadcrumb-font inline\">productos<\/div><\/a>\r\n\t\t\t\t\t\t\t\t\t\t\t\t\t\t\t\t\t\t\t\t\t<h2><a class=\"ajax-link\" href=\"https:\/\/www.listonegiordano.com\/ru\/%d0%bf%d0%b0%d1%80%d0%ba%d0%b5%d1%82\/atelier\/\">atelier<\/a><\/h2>\r\n\t\t\t\t\t\t\t\t\t\t\t\t\t\t\t\t\t\t\t<\/div>\r\n\t\t\t\t\t\t\t\t<div class=\"columns-9 center\">\r\n\t\t\t\t\t\t\t\t\t<div class=\"image-box\">\r\n\t\t\t\t\t\t\t\t\t\t\t\t\t\t<img decoding=\"async\" class=\"image cover\" title=\"Progetto Florya Ihlamur Parquet Rovere Reserve Firenze 3\" alt=\"\" src=\"https:\/\/www.listonegiordano.com\/wp-content\/uploads\/2022\/01\/Progetto-florya-ihlamur_parquet_Rovere-Reserve_Firenze_3.jpg\" srcset=\"https:\/\/www.listonegiordano.com\/wp-content\/uploads\/2022\/01\/Progetto-florya-ihlamur_parquet_Rovere-Reserve_Firenze_3-300x200.jpg 300w, https:\/\/www.listonegiordano.com\/wp-content\/uploads\/2022\/01\/Progetto-florya-ihlamur_parquet_Rovere-Reserve_Firenze_3-1024x683.jpg 1024w, https:\/\/www.listonegiordano.com\/wp-content\/uploads\/2022\/01\/Progetto-florya-ihlamur_parquet_Rovere-Reserve_Firenze_3-768x512.jpg 768w, https:\/\/www.listonegiordano.com\/wp-content\/uploads\/2022\/01\/Progetto-florya-ihlamur_parquet_Rovere-Reserve_Firenze_3-1536x1024.jpg 1536w, https:\/\/www.listonegiordano.com\/wp-content\/uploads\/2022\/01\/Progetto-florya-ihlamur_parquet_Rovere-Reserve_Firenze_3.jpg 1800w\">\r\n\t\t\t\t\t\t\t\t\t\t\t\t<\/div>\r\n\t\t\t\t\t\t\t\t<\/div>\r\n\t\t\t\t\t\t\t\t\r\n\t\t\t\t\t\t\t\t<div class=\"content\">\r\n\t\t\t\t\t\t\t\t\t<h2 class=\"title very-large-font corporate\">r\u00e9serve traccia<\/h2>\r\n\t\t\t\t\t\t\t\t\t\r\n\t\t\t\t\t\t\t\t\t<div class=\"button\"><a class=\"ajax-link\" href=\"https:\/\/www.listonegiordano.com\/parquet\/atelier\/reserve-traccia\/\">DESCUBRE M\u00c1S<\/a><\/div>\r\n\t\t\t\t\t\t\t\t<\/div>\r\n\t\t\t\t\t\t\t\t\r\n\t\t\t\t\t\t\t\t<div class=\"logo columns-1\"><img decoding=\"async\" class=\"image\" src=\"https:\/\/www.listonegiordano.com\/wp-content\/uploads\/2020\/04\/l2.png\"><\/div>\r\n\t\t\t\t\t\t\t\t\t\t\t\t\t<\/div>\r\n\t\t\t\t\t\t\t\t\t<\/div>\r\n\t\t\t\t\r\n\t\t\t\t\t\t\t<\/div>\r\n\t\t\n\n\t\t\t<section class=\"main-column row-padding\">\r\n\t\t\t\t<div class=\"panel center columns-12 none\">\r\n\t\t\t\t\t\n\t\t\t\t\t\t<div class=\"related-projects double-row-padding\">\r\n\t\t\t\t<h3 class=\"medium-font row-padding align-center regular\">\r\n\t\t\t\t\t\t\t\t\t\t\tRELATED PROJECTS\t\t\t\t\t\t\t\t\t<\/h3>\r\n\t\t\t\t\r\n\t\t\t\t<div class=\"flex\">\r\n\t\t\t\t\t\t\t\t\t\t\t<a class=\"project columns-3 col-padding ajax-link\" href=\"https:\/\/www.listonegiordano.com\/es\/proyectos\/espacios-publicos\/coleccion-peggy-guggenheim\/\">\r\n\t\t\t\t\t\t\t<div class=\"image\">\r\n\t\t\t\t\t\t\t\t\t\t\t\t\t\t\t\t\t\t\t\t\t<img decoding=\"async\" class=\"cover\" title=\"Peggy Guggenheim Parquet Public Space I 1920&#215;1080\" alt=\"\" src=\"https:\/\/www.listonegiordano.com\/wp-content\/uploads\/2020\/06\/Peggy_guggenheim_parquet_public_space_I_1920x1080.jpg\" srcset=\"https:\/\/www.listonegiordano.com\/wp-content\/uploads\/2020\/06\/Peggy_guggenheim_parquet_public_space_I_1920x1080-300x169.jpg 300w, https:\/\/www.listonegiordano.com\/wp-content\/uploads\/2020\/06\/Peggy_guggenheim_parquet_public_space_I_1920x1080-1024x576.jpg 1024w, https:\/\/www.listonegiordano.com\/wp-content\/uploads\/2020\/06\/Peggy_guggenheim_parquet_public_space_I_1920x1080-768x432.jpg 768w, https:\/\/www.listonegiordano.com\/wp-content\/uploads\/2020\/06\/Peggy_guggenheim_parquet_public_space_I_1920x1080-1536x864.jpg 1536w, https:\/\/www.listonegiordano.com\/wp-content\/uploads\/2020\/06\/Peggy_guggenheim_parquet_public_space_I_1920x1080.jpg 1920w\">\r\n\t\t\t\t\t\t\t\t\t\t\t\t\t\t\t\t\t\t<\/div>\r\n\t\t\t\t\t\t\t<h4 class=\"title corporate lowercase normal-medium-font\">Colecci\u00f3n Peggy Guggenheim<\/h4>\r\n\t\t\t\t\t\t<\/a>\r\n\t\t\t\t\t\t\t\t\t\t\t<a class=\"project columns-3 col-padding ajax-link\" href=\"https:\/\/www.listonegiordano.com\/es\/proyectos\/espacios-publicos\/museo-ca-rezzonico\/\">\r\n\t\t\t\t\t\t\t<div class=\"image\">\r\n\t\t\t\t\t\t\t\t\t\t\t\t\t\t\t\t\t\t\t\t\t<img decoding=\"async\" class=\"cover\" title=\"Ca Rezzonico Publicspace Parquet Doussie F 1920&#215;1080\" alt=\"\" src=\"https:\/\/www.listonegiordano.com\/wp-content\/uploads\/2020\/05\/Ca_rezzonico_publicspace_parquet_doussie_F_1920x1080.jpg\" srcset=\"https:\/\/www.listonegiordano.com\/wp-content\/uploads\/2020\/05\/Ca_rezzonico_publicspace_parquet_doussie_F_1920x1080-300x169.jpg 300w, https:\/\/www.listonegiordano.com\/wp-content\/uploads\/2020\/05\/Ca_rezzonico_publicspace_parquet_doussie_F_1920x1080-1024x576.jpg 1024w, https:\/\/www.listonegiordano.com\/wp-content\/uploads\/2020\/05\/Ca_rezzonico_publicspace_parquet_doussie_F_1920x1080-768x432.jpg 768w, https:\/\/www.listonegiordano.com\/wp-content\/uploads\/2020\/05\/Ca_rezzonico_publicspace_parquet_doussie_F_1920x1080-1536x864.jpg 1536w, https:\/\/www.listonegiordano.com\/wp-content\/uploads\/2020\/05\/Ca_rezzonico_publicspace_parquet_doussie_F_1920x1080.jpg 1920w\">\r\n\t\t\t\t\t\t\t\t\t\t\t\t\t\t\t\t\t\t<\/div>\r\n\t\t\t\t\t\t\t<h4 class=\"title corporate lowercase normal-medium-font\">Museo Ca&#8217; Rezzonico<\/h4>\r\n\t\t\t\t\t\t<\/a>\r\n\t\t\t\t\t\t\t\t\t\t\t<a class=\"project columns-3 col-padding ajax-link\" href=\"https:\/\/www.listonegiordano.com\/es\/proyectos\/hospitalidad\/fontenay-hotel\/\">\r\n\t\t\t\t\t\t\t<div class=\"image\">\r\n\t\t\t\t\t\t\t\t\t\t\t\t\t\t\t\t\t\t\t\t\t<img decoding=\"async\" class=\"cover\" title=\"Fontenay Parquet Progetti C 1920&#215;1080\" alt=\"\" src=\"https:\/\/www.listonegiordano.com\/wp-content\/uploads\/2020\/05\/Fontenay_parquet_progetti_C_1920x1080.jpg\" srcset=\"https:\/\/www.listonegiordano.com\/wp-content\/uploads\/2020\/05\/Fontenay_parquet_progetti_C_1920x1080-300x169.jpg 300w, https:\/\/www.listonegiordano.com\/wp-content\/uploads\/2020\/05\/Fontenay_parquet_progetti_C_1920x1080-1024x576.jpg 1024w, https:\/\/www.listonegiordano.com\/wp-content\/uploads\/2020\/05\/Fontenay_parquet_progetti_C_1920x1080-768x432.jpg 768w, https:\/\/www.listonegiordano.com\/wp-content\/uploads\/2020\/05\/Fontenay_parquet_progetti_C_1920x1080-1536x864.jpg 1536w, https:\/\/www.listonegiordano.com\/wp-content\/uploads\/2020\/05\/Fontenay_parquet_progetti_C_1920x1080.jpg 1920w\">\r\n\t\t\t\t\t\t\t\t\t\t\t\t\t\t\t\t\t\t<\/div>\r\n\t\t\t\t\t\t\t<h4 class=\"title corporate lowercase normal-medium-font\">Luxury Hotel Fontenay<\/h4>\r\n\t\t\t\t\t\t<\/a>\r\n\t\t\t\t\t\t\t\t\t\t\t<a class=\"project columns-3 col-padding ajax-link\" href=\"https:\/\/www.listonegiordano.com\/es\/proyectos\/espacios-publicos\/victoria-miro-art-gallery\/\">\r\n\t\t\t\t\t\t\t<div class=\"image\">\r\n\t\t\t\t\t\t\t\t\t\t\t\t\t\t\t\t\t\t\t\t\t<img decoding=\"async\" class=\"cover\" title=\"Victoria Miro Art Gallery Public Space Parquet A 1920&#215;1080\" alt=\"\" src=\"https:\/\/www.listonegiordano.com\/wp-content\/uploads\/2020\/05\/victoria_miro_art_gallery_public_space_parquet_a_1920x1080.jpg\" srcset=\"https:\/\/www.listonegiordano.com\/wp-content\/uploads\/2020\/05\/victoria_miro_art_gallery_public_space_parquet_a_1920x1080-300x169.jpg 300w, https:\/\/www.listonegiordano.com\/wp-content\/uploads\/2020\/05\/victoria_miro_art_gallery_public_space_parquet_a_1920x1080-1024x576.jpg 1024w, https:\/\/www.listonegiordano.com\/wp-content\/uploads\/2020\/05\/victoria_miro_art_gallery_public_space_parquet_a_1920x1080-768x432.jpg 768w, https:\/\/www.listonegiordano.com\/wp-content\/uploads\/2020\/05\/victoria_miro_art_gallery_public_space_parquet_a_1920x1080-1536x864.jpg 1536w, https:\/\/www.listonegiordano.com\/wp-content\/uploads\/2020\/05\/victoria_miro_art_gallery_public_space_parquet_a_1920x1080.jpg 1920w\">\r\n\t\t\t\t\t\t\t\t\t\t\t\t\t\t\t\t\t\t<\/div>\r\n\t\t\t\t\t\t\t<h4 class=\"title corporate lowercase normal-medium-font\">Victoria Miro Art Gallery<\/h4>\r\n\t\t\t\t\t\t<\/a>\r\n\t\t\t\t\t\t\t\t\t<\/div>\r\n\t\t\t<\/div>\r\n\t\t\t\t\t\n\t\t\t\t<\/div>\r\n\t\t\t<\/section>\r\n\t\t","protected":false},"featured_media":0,"template":"","meta":{"area":"","groups":"","preview":"","columns":"","rows":"","date":"","product-meta-description":"","customer-name":"","customer-email":"","legal-terms":"%5B%5D","thankyou-text":"","qzr_location":"Milano","qzr_product":"R\u00e9serve Siena 1348","qzr_collection":"Atelier","qzr_designer":"Arch. Michele De Lucchi","qzr_year":"","qzr_partner":"","footnotes":""},"qzr_projects_categories":[4153],"class_list":["post-10868","qzr_projects","type-qzr_projects","status-publish","hentry","qzr_projects_categories-espacios-publicos"],"yoast_head":"<!-- This site is optimized with the Yoast SEO Premium plugin v28.0 (Yoast SEO v28.3) - https:\/\/yoast.com\/product\/yoast-seo-premium-wordpress\/ -->\n<title>Galer\u00edas de Plaza de La Scala | Listone Giordano<\/title>\n<meta name=\"description\" content=\"Galer\u00eda Piazza alla Scala, un lugar de naturaleza, arte y cultura, adornado con suelos de parquet dise\u00f1ados por el arquitecto Michele De Lucchi para Listone Giordano.\" \/>\n<meta name=\"robots\" content=\"index, follow, max-snippet:-1, max-image-preview:large, max-video-preview:-1\" \/>\n<link rel=\"canonical\" href=\"https:\/\/www.listonegiordano.com\/es\/wp-json\/wp\/v2\/qzr_projects\/10868\/\" \/>\n<meta property=\"og:locale\" content=\"es_ES\" \/>\n<meta property=\"og:type\" content=\"article\" \/>\n<meta property=\"og:title\" content=\"Galer\u00edas de Plaza de La Scala\" \/>\n<meta property=\"og:description\" content=\"Galer\u00eda Piazza alla Scala, un lugar de naturaleza, arte y cultura, adornado con suelos de parquet dise\u00f1ados por el arquitecto Michele De Lucchi para Listone Giordano.\" \/>\n<meta property=\"og:url\" content=\"https:\/\/www.listonegiordano.com\/es\/proyectos\/espacios-publicos\/galerias-de-plaza-de-la-scala\/\" \/>\n<meta property=\"og:site_name\" content=\"Listone Giordano\" \/>\n<meta property=\"article:publisher\" content=\"https:\/\/www.facebook.com\/listonegiordanoitalia\/\" \/>\n<meta property=\"article:modified_time\" content=\"2026-03-09T14:50:49+00:00\" \/>\n<meta property=\"og:image\" content=\"https:\/\/www.listonegiordano.com\/wp-content\/uploads\/2020\/05\/galleria_piazza_scala_milano_public_space_parquet_e_1920x1080-1024x576.jpg\" \/>\n<meta name=\"twitter:card\" content=\"summary_large_image\" \/>\n<meta name=\"twitter:label1\" content=\"Tiempo de lectura\" \/>\n\t<meta name=\"twitter:data1\" content=\"3 minutos\" \/>\n<script type=\"application\/ld+json\" class=\"yoast-schema-graph\">{\"@context\":\"https:\\\/\\\/schema.org\",\"@graph\":[{\"@type\":\"WebPage\",\"@id\":\"https:\\\/\\\/www.listonegiordano.com\\\/es\\\/proyectos\\\/espacios-publicos\\\/galerias-de-plaza-de-la-scala\\\/\",\"url\":\"https:\\\/\\\/www.listonegiordano.com\\\/es\\\/proyectos\\\/espacios-publicos\\\/galerias-de-plaza-de-la-scala\\\/\",\"name\":\"Galer\u00edas de Plaza de La Scala | Listone Giordano\",\"isPartOf\":{\"@id\":\"https:\\\/\\\/www.listonegiordano.com\\\/es\\\/#website\"},\"primaryImageOfPage\":{\"@id\":\"https:\\\/\\\/www.listonegiordano.com\\\/es\\\/proyectos\\\/espacios-publicos\\\/galerias-de-plaza-de-la-scala\\\/#primaryimage\"},\"image\":{\"@id\":\"https:\\\/\\\/www.listonegiordano.com\\\/es\\\/proyectos\\\/espacios-publicos\\\/galerias-de-plaza-de-la-scala\\\/#primaryimage\"},\"thumbnailUrl\":\"https:\\\/\\\/www.listonegiordano.com\\\/wp-content\\\/uploads\\\/2020\\\/05\\\/galleria_piazza_scala_milano_public_space_parquet_e_1920x1080-1024x576.jpg\",\"datePublished\":\"2020-06-04T17:38:48+00:00\",\"dateModified\":\"2026-03-09T14:50:49+00:00\",\"description\":\"Galer\u00eda Piazza alla Scala, un lugar de naturaleza, arte y cultura, adornado con suelos de parquet dise\u00f1ados por el arquitecto Michele De Lucchi para Listone Giordano.\",\"breadcrumb\":{\"@id\":\"https:\\\/\\\/www.listonegiordano.com\\\/es\\\/proyectos\\\/espacios-publicos\\\/galerias-de-plaza-de-la-scala\\\/#breadcrumb\"},\"inLanguage\":\"es\",\"potentialAction\":[{\"@type\":\"ReadAction\",\"target\":[\"https:\\\/\\\/www.listonegiordano.com\\\/es\\\/proyectos\\\/espacios-publicos\\\/galerias-de-plaza-de-la-scala\\\/\"]}]},{\"@type\":\"ImageObject\",\"inLanguage\":\"es\",\"@id\":\"https:\\\/\\\/www.listonegiordano.com\\\/es\\\/proyectos\\\/espacios-publicos\\\/galerias-de-plaza-de-la-scala\\\/#primaryimage\",\"url\":\"https:\\\/\\\/www.listonegiordano.com\\\/wp-content\\\/uploads\\\/2020\\\/05\\\/galleria_piazza_scala_milano_public_space_parquet_e_1920x1080-1024x576.jpg\",\"contentUrl\":\"https:\\\/\\\/www.listonegiordano.com\\\/wp-content\\\/uploads\\\/2020\\\/05\\\/galleria_piazza_scala_milano_public_space_parquet_e_1920x1080-1024x576.jpg\"},{\"@type\":\"BreadcrumbList\",\"@id\":\"https:\\\/\\\/www.listonegiordano.com\\\/es\\\/proyectos\\\/espacios-publicos\\\/galerias-de-plaza-de-la-scala\\\/#breadcrumb\",\"itemListElement\":[{\"@type\":\"ListItem\",\"position\":1,\"name\":\"Home\",\"item\":\"https:\\\/\\\/www.listonegiordano.com\\\/es\\\/\"},{\"@type\":\"ListItem\",\"position\":2,\"name\":\"proyectos\",\"item\":\"https:\\\/\\\/www.listonegiordano.com\\\/progetti\\\/\"},{\"@type\":\"ListItem\",\"position\":3,\"name\":\"Espacios p\u00fablicos\",\"item\":\"https:\\\/\\\/www.listonegiordano.com\\\/es\\\/proyectos\\\/espacios-publicos\\\/\"},{\"@type\":\"ListItem\",\"position\":4,\"name\":\"Galer\u00edas de Plaza de La Scala\"}]},{\"@type\":\"WebSite\",\"@id\":\"https:\\\/\\\/www.listonegiordano.com\\\/es\\\/#website\",\"url\":\"https:\\\/\\\/www.listonegiordano.com\\\/es\\\/\",\"name\":\"Listone Giordano\",\"description\":\"Listone Giordano \u00e8 sinonimo di eccellenza nella realizzazione di pavimenti in legno e parquet di pregio. Pavimento parquet in legno Listone.\",\"publisher\":{\"@id\":\"https:\\\/\\\/www.listonegiordano.com\\\/es\\\/#organization\"},\"potentialAction\":[{\"@type\":\"SearchAction\",\"target\":{\"@type\":\"EntryPoint\",\"urlTemplate\":\"https:\\\/\\\/www.listonegiordano.com\\\/es\\\/?s={search_term_string}\"},\"query-input\":{\"@type\":\"PropertyValueSpecification\",\"valueRequired\":true,\"valueName\":\"search_term_string\"}}],\"inLanguage\":\"es\"},{\"@type\":\"Organization\",\"@id\":\"https:\\\/\\\/www.listonegiordano.com\\\/es\\\/#organization\",\"name\":\"Listone Giordano\",\"url\":\"https:\\\/\\\/www.listonegiordano.com\\\/es\\\/\",\"logo\":{\"@type\":\"ImageObject\",\"inLanguage\":\"es\",\"@id\":\"https:\\\/\\\/www.listonegiordano.com\\\/es\\\/#\\\/schema\\\/logo\\\/image\\\/\",\"url\":\"https:\\\/\\\/www.listonegiordano.com\\\/wp-content\\\/uploads\\\/2020\\\/06\\\/listone-giordano-favicon.png\",\"contentUrl\":\"https:\\\/\\\/www.listonegiordano.com\\\/wp-content\\\/uploads\\\/2020\\\/06\\\/listone-giordano-favicon.png\",\"width\":512,\"height\":512,\"caption\":\"Listone Giordano\"},\"image\":{\"@id\":\"https:\\\/\\\/www.listonegiordano.com\\\/es\\\/#\\\/schema\\\/logo\\\/image\\\/\"},\"sameAs\":[\"https:\\\/\\\/www.facebook.com\\\/listonegiordanoitalia\\\/\",\"https:\\\/\\\/www.instagram.com\\\/listonegiordano\\\/\",\"https:\\\/\\\/www.linkedin.com\\\/company\\\/listone-giordano\\\/\",\"https:\\\/\\\/www.pinterest.it\\\/listoneg\",\"https:\\\/\\\/www.youtube.com\\\/user\\\/ListoneGiordano01\",\"https:\\\/\\\/it.wikipedia.org\\\/wiki\\\/Listone_Giordano\"]}]}<\/script>\n<!-- \/ Yoast SEO Premium plugin. -->","yoast_head_json":{"title":"Galer\u00edas de Plaza de La Scala | Listone Giordano","description":"Galer\u00eda Piazza alla Scala, un lugar de naturaleza, arte y cultura, adornado con suelos de parquet dise\u00f1ados por el arquitecto Michele De Lucchi para Listone Giordano.","robots":{"index":"index","follow":"follow","max-snippet":"max-snippet:-1","max-image-preview":"max-image-preview:large","max-video-preview":"max-video-preview:-1"},"canonical":"https:\/\/www.listonegiordano.com\/es\/wp-json\/wp\/v2\/qzr_projects\/10868\/","og_locale":"es_ES","og_type":"article","og_title":"Galer\u00edas de Plaza de La Scala","og_description":"Galer\u00eda Piazza alla Scala, un lugar de naturaleza, arte y cultura, adornado con suelos de parquet dise\u00f1ados por el arquitecto Michele De Lucchi para Listone Giordano.","og_url":"https:\/\/www.listonegiordano.com\/es\/proyectos\/espacios-publicos\/galerias-de-plaza-de-la-scala\/","og_site_name":"Listone Giordano","article_publisher":"https:\/\/www.facebook.com\/listonegiordanoitalia\/","article_modified_time":"2026-03-09T14:50:49+00:00","og_image":[{"url":"https:\/\/www.listonegiordano.com\/wp-content\/uploads\/2020\/05\/galleria_piazza_scala_milano_public_space_parquet_e_1920x1080-1024x576.jpg","type":"","width":"","height":""}],"twitter_card":"summary_large_image","twitter_misc":{"Tiempo de lectura":"3 minutos"},"schema":{"@context":"https:\/\/schema.org","@graph":[{"@type":"WebPage","@id":"https:\/\/www.listonegiordano.com\/es\/proyectos\/espacios-publicos\/galerias-de-plaza-de-la-scala\/","url":"https:\/\/www.listonegiordano.com\/es\/proyectos\/espacios-publicos\/galerias-de-plaza-de-la-scala\/","name":"Galer\u00edas de Plaza de La Scala | Listone Giordano","isPartOf":{"@id":"https:\/\/www.listonegiordano.com\/es\/#website"},"primaryImageOfPage":{"@id":"https:\/\/www.listonegiordano.com\/es\/proyectos\/espacios-publicos\/galerias-de-plaza-de-la-scala\/#primaryimage"},"image":{"@id":"https:\/\/www.listonegiordano.com\/es\/proyectos\/espacios-publicos\/galerias-de-plaza-de-la-scala\/#primaryimage"},"thumbnailUrl":"https:\/\/www.listonegiordano.com\/wp-content\/uploads\/2020\/05\/galleria_piazza_scala_milano_public_space_parquet_e_1920x1080-1024x576.jpg","datePublished":"2020-06-04T17:38:48+00:00","dateModified":"2026-03-09T14:50:49+00:00","description":"Galer\u00eda Piazza alla Scala, un lugar de naturaleza, arte y cultura, adornado con suelos de parquet dise\u00f1ados por el arquitecto Michele De Lucchi para Listone Giordano.","breadcrumb":{"@id":"https:\/\/www.listonegiordano.com\/es\/proyectos\/espacios-publicos\/galerias-de-plaza-de-la-scala\/#breadcrumb"},"inLanguage":"es","potentialAction":[{"@type":"ReadAction","target":["https:\/\/www.listonegiordano.com\/es\/proyectos\/espacios-publicos\/galerias-de-plaza-de-la-scala\/"]}]},{"@type":"ImageObject","inLanguage":"es","@id":"https:\/\/www.listonegiordano.com\/es\/proyectos\/espacios-publicos\/galerias-de-plaza-de-la-scala\/#primaryimage","url":"https:\/\/www.listonegiordano.com\/wp-content\/uploads\/2020\/05\/galleria_piazza_scala_milano_public_space_parquet_e_1920x1080-1024x576.jpg","contentUrl":"https:\/\/www.listonegiordano.com\/wp-content\/uploads\/2020\/05\/galleria_piazza_scala_milano_public_space_parquet_e_1920x1080-1024x576.jpg"},{"@type":"BreadcrumbList","@id":"https:\/\/www.listonegiordano.com\/es\/proyectos\/espacios-publicos\/galerias-de-plaza-de-la-scala\/#breadcrumb","itemListElement":[{"@type":"ListItem","position":1,"name":"Home","item":"https:\/\/www.listonegiordano.com\/es\/"},{"@type":"ListItem","position":2,"name":"proyectos","item":"https:\/\/www.listonegiordano.com\/progetti\/"},{"@type":"ListItem","position":3,"name":"Espacios p\u00fablicos","item":"https:\/\/www.listonegiordano.com\/es\/proyectos\/espacios-publicos\/"},{"@type":"ListItem","position":4,"name":"Galer\u00edas de Plaza de La Scala"}]},{"@type":"WebSite","@id":"https:\/\/www.listonegiordano.com\/es\/#website","url":"https:\/\/www.listonegiordano.com\/es\/","name":"Listone Giordano","description":"Listone Giordano \u00e8 sinonimo di eccellenza nella realizzazione di pavimenti in legno e parquet di pregio. Pavimento parquet in legno Listone.","publisher":{"@id":"https:\/\/www.listonegiordano.com\/es\/#organization"},"potentialAction":[{"@type":"SearchAction","target":{"@type":"EntryPoint","urlTemplate":"https:\/\/www.listonegiordano.com\/es\/?s={search_term_string}"},"query-input":{"@type":"PropertyValueSpecification","valueRequired":true,"valueName":"search_term_string"}}],"inLanguage":"es"},{"@type":"Organization","@id":"https:\/\/www.listonegiordano.com\/es\/#organization","name":"Listone Giordano","url":"https:\/\/www.listonegiordano.com\/es\/","logo":{"@type":"ImageObject","inLanguage":"es","@id":"https:\/\/www.listonegiordano.com\/es\/#\/schema\/logo\/image\/","url":"https:\/\/www.listonegiordano.com\/wp-content\/uploads\/2020\/06\/listone-giordano-favicon.png","contentUrl":"https:\/\/www.listonegiordano.com\/wp-content\/uploads\/2020\/06\/listone-giordano-favicon.png","width":512,"height":512,"caption":"Listone Giordano"},"image":{"@id":"https:\/\/www.listonegiordano.com\/es\/#\/schema\/logo\/image\/"},"sameAs":["https:\/\/www.facebook.com\/listonegiordanoitalia\/","https:\/\/www.instagram.com\/listonegiordano\/","https:\/\/www.linkedin.com\/company\/listone-giordano\/","https:\/\/www.pinterest.it\/listoneg","https:\/\/www.youtube.com\/user\/ListoneGiordano01","https:\/\/it.wikipedia.org\/wiki\/Listone_Giordano"]}]}},"_links":{"self":[{"href":"https:\/\/www.listonegiordano.com\/es\/wp-json\/wp\/v2\/qzr_projects\/10868","targetHints":{"allow":["GET"]}}],"collection":[{"href":"https:\/\/www.listonegiordano.com\/es\/wp-json\/wp\/v2\/qzr_projects"}],"about":[{"href":"https:\/\/www.listonegiordano.com\/es\/wp-json\/wp\/v2\/types\/qzr_projects"}],"version-history":[{"count":2,"href":"https:\/\/www.listonegiordano.com\/es\/wp-json\/wp\/v2\/qzr_projects\/10868\/revisions"}],"predecessor-version":[{"id":53999,"href":"https:\/\/www.listonegiordano.com\/es\/wp-json\/wp\/v2\/qzr_projects\/10868\/revisions\/53999"}],"wp:attachment":[{"href":"https:\/\/www.listonegiordano.com\/es\/wp-json\/wp\/v2\/media?parent=10868"}],"wp:term":[{"taxonomy":"qzr_projects_categories","embeddable":true,"href":"https:\/\/www.listonegiordano.com\/es\/wp-json\/wp\/v2\/qzr_projects_categories?post=10868"}],"curies":[{"name":"wp","href":"https:\/\/api.w.org\/{rel}","templated":true}]}}